{"id":4,"date":"2021-01-23T18:28:19","date_gmt":"2021-01-23T17:28:19","guid":{"rendered":"http:\/\/www.emelior.fr\/?page_id=4"},"modified":"2025-11-02T13:02:37","modified_gmt":"2025-11-02T12:02:37","slug":"mesmerize","status":"publish","type":"page","link":"https:\/\/www.emelior.fr\/","title":{"rendered":"Front Page"},"content":{"rendered":"<div  id=\"overlappable-4\" style=\"background-color: #ffffff;\" data-label=\"Overlappable\" data-id=\"overlappable-4\" data-export-id=\"overlappable-4\" data-category=\"overlappable\" class=\"overlappable-4 content-section content-section-spacing\" data-overlap=\"true\"><div  class=\"\"> <div  data-type=\"row\" class=\"row spaced-cols text-center center-sm content-center-sm\"><div  class=\"col-xs-12 col-sm-4 col-padding\"> <i  class=\"fa icon shadow-large-black aligncenter color1 fa-group reverse round large\"><\/i> <div  data-type=\"column\" class=\"\"> <h5  class=\"\">LES MEILLEURS EXPERTS<\/h5> <p  class=\"\">Nous mettons \u00e0 votre disposition une Equipe d\u2019Experts en Technologie dot\u00e9s des comp\u00e9tences et de la motivation n\u00e9cessaires pour affronter n\u2019importe quel d\u00e9fi.<\/p><\/div> <\/div> <div  class=\"col-xs-12 col-sm-4 col-padding\"> <i  class=\"fa icon shadow-large-black aligncenter color1 fa-bolt reverse round large\"><\/i> <div  data-type=\"column\" class=\"\"><h5  class=\"\">AGILIT\u00c9 &amp; AD\u00c9QUATION<\/h5> <p  class=\"\">\nNous r\u00e9pondons \u00e0 vos demandes avec R\u00e9activit\u00e9 et Pr\u00e9cision. Nous nous engageons \u00e0 vous donner une r\u00e9ponse dans la journ\u00e9e.<\/p><\/div> <\/div> <div  class=\"col-xs-12 col-sm-4 col-padding\"> <i  class=\"fa icon shadow-large-black aligncenter color1 fa-balance-scale reverse round large\"><\/i> <div  data-type=\"column\" class=\"\"><h5  class=\"\">VALEURS HUMAINES<\/h5> <p  class=\"\">\nTarifs transparents, marges ajust\u00e9es, salaire attractif et carri\u00e8re proffessionnelle : nous donnons confiance \u00e0 nos clients et \u00e0 nos employ\u00e9s et garantissons ainsi la stabilit\u00e9 des projects et des \u00e9quipes.<\/p><\/div> <\/div><\/div> <\/div><\/div><div  data-label=\"Qui sommes nous\" data-id=\"features--1\" data-export-id=\"features-13\" data-category=\"features\" class=\"features-13 content-section content-section-spacing\" id=\"qui-sommes-nous\" style=\"background-color: rgb(255, 255, 255); background-image: none;\"><div  class=\"\"> <div  class=\"row text-center\"><div  class=\"section-title-col\" data-type=\"column\"> <h2  class=\"\">Nous sommes Emelior, Entreprise leader en Transformation Digitale et Services Technologiques au niveau international<\/h2> <p  class=\"lead\">\nNotre mission consiste \u00e0 construire des solutions technologiques agiles et pragmatiques pour d\u00e9velopper les entreprises et am\u00e9liorer l\u2019efficacit\u00e9 es organisations. Native digitale et internationale, notre structure optimis\u00e9e nous permet d\u2019accompagner des grandes entreprises, des PME et des start-up, en offrant des services comp\u00e9titifs et adapt\u00e9s aux d\u00e9fis de nos clients. Notre Equipe d\u2019Experts est form\u00e9e de proffessionnels hautement qualifi\u00e9s, passion\u00e9s et toujours pr\u00eats \u00e0 mettre toutes leurs comp\u00e9tences et motivations au service des projets.<\/p><p  class=\"\">\n<br ><br >NOS VALEURS :<\/p><\/div> <\/div> <div  class=\"row spaced-cols content-center-sm\" data-type=\"row\"> <div  class=\"col col-sm-6 space-bottom col-md-3\"> <i  class=\"fa icon color1 fa-star bordered round big\"><\/i> <h4  class=\"\">EXCELLENCE<\/h4> <p  class=\"\">\nNous cherchons \u00e0 toujours donner la meilleure solution \u00e0 nos Clients, nous effor\u00e7ant chaque jour \u00e0 nous surpasser, \u00e0 am\u00e9liorer nos techniques et garantir les plus hauts niveaux de qualit\u00e9.<\/p> <\/div> <div  class=\"col col-sm-6 space-bottom col-md-3\"><i  class=\"fa icon color1 fa-heart bordered round big\"><\/i> <h4  class=\"\">PASSION<\/h4> <p  class=\"\">\nContribuer au succ\u00e8s de nos Clients est notre Passion. Chaque nouveau projet est pour nous une occasion de relever un nouveau d\u00e9fi et d\u2019apprendre quelque chose.<\/p> <\/div> <div  class=\"col col-sm-6 space-bottom col-md-3\"><i  class=\"fa icon color1 fa-arrow-circle-o-right bordered round big\"><\/i> <h4  class=\"\">PRAGMATISME<\/h4> <p  class=\"\">\nNos solutions sont pratiques, fonctionnent et r\u00e9solvent les probl\u00e8mes de nos Clients. Cette priorit\u00e9 au pragmatisme nous permet d\u2019acc\u00e9lerer le time-to-market de nos solutions, faisant ainsi gagner du temps et des budgets \u00e0 nos Partenaires tout en maximisant la satisfaction des utilisateurs.<\/p> <\/div> <div  class=\"col col-sm-6 space-bottom col-md-3\"><i  class=\"fa icon color1 fa-bolt bordered round big\"><\/i> <h4  class=\"\">AGILIT\u00c9<\/h4> <p  class=\"\">\nDepuis la r\u00e9ponse \u00e0 un besoin jusqu\u2019\u00e0 la mise en production d\u2019une solution, nous sommes r\u00e9actifs devant n\u2019importe quel changement. Nous nous centrons sur les enjeux les plus important et cr\u00e9ons de la valeur d\u00e8s la premi\u00e8re minute des projets.<\/p> <\/div> <\/div><\/div> <\/div><div  data-label=\"Services\" data-id=\"features--2\" data-export-id=\"features-12\" data-category=\"features\" class=\"features-12 content-section content-section-spacing \" id=\"services\" style=\"background-color: rgb(255, 255, 255); background-image: none;\"><div  class=\"\"> <div  class=\"row text-center\"><div  class=\"section-title-col\" data-type=\"column\"> <h2  class=\"\">Nos Services d\u2019adaptent \u00e0 vos Besoins<\/h2> <p  class=\"lead\">Nous offrons des services flexibles selon les objectifs de nos Clients : d\u00e9veloppement d\u2019applications, maintenance d\u2019applications, d\u00e9veloppement de syst\u00e8mes de donn\u00e9es, d\u00e9veloppement de reportings, outsourcing de talents, tests et gestion de la qualit\u00e9, optimisation des processus, gestion de projets, externalisation et gestion de services, formation\u2026<\/p><\/div> <\/div> <div  class=\"row spaced-cols\" data-type=\"row\"> <div  class=\"col-sm-6 col-md-6 \"> <div  class=\"row space-bottom\"> <div  class=\"col-sm-fit icon-column\"> <i  class=\"fa icon color2 fa-diamond bordered round\"><\/i> <\/div> <div  class=\"col-sm\" data-type=\"column\"> <h5  class=\"color2\">SOURCING DE TALENTS TECHNOLOGIQUES<\/h5> <p  class=\"\">Nos Experts ont les aptitudes, l\u2019actitude et le potentiel pour r\u00e9soudre n\u2019importe quel d\u00e9fi. En fonction des comp\u00e9tences techniques requises, de l\u2019organisation de vos Equipes et de la culture de votre Entreprise, nous mettons \u00e0 votre disposition les talents technologiques les plus ad\u00e9quats. En format pr\u00e9sentiel ou \u00e0 distance, nos Experts s\u2019int\u00e8grent \u00e0 vos Equipes et travaillent en mode projet ou outsourcing.<\/p><\/div> <\/div><\/div> <div  class=\"col-sm-6 col-md-6 \"><div  class=\"row space-bottom\"> <div  class=\"col-sm-fit icon-column\"><i  class=\"fa icon fa-codepen round bordered color2\"><\/i><\/div> <div  class=\"col-sm\" data-type=\"column\"><h5  class=\"color2\">GESTION INTEGRALE DE PROJET<\/h5> <p  class=\"\">Notre mantra : apporter de la valeur d\u00e8s la premi\u00e8re minute et cr\u00e9er des solutions que les utilisateurs utilisent. Le pragmatisme et l\u2019agilit\u00e9 sont la base de notre approche. Nous nous centrons sur l\u2019atteinte des objectifs et la maximisation du ROI des projets. Nous nous chargeons de toutes les \u00e9tapes du cycle de vie technologique : identification du besoin, definition du produit minimum viable, livraisons iteratives, d\u00e9ploiements et tests, formation et gestion du changement.<\/p><\/div> <\/div><\/div> <div  class=\"col-sm-6 col-md-6 \"><div  class=\"row space-bottom\"> <div  class=\"col-sm-fit icon-column\"><i  class=\"fa icon color2 fa-cogs bordered round\"><\/i><\/div> <div  class=\"col-sm\" data-type=\"column\"><h5  class=\"color2\">DIGITALISATION DE PROCESSUS<\/h5> <p  class=\"\">Notre exp\u00e9rience dans de multiples secteurs d\u2019activit\u00e9 et types d\u2019entreprise nous permet d\u2019identifier et de r\u00e9soudre les inefficacit\u00e9s des processus m\u00e9tier. Nous utilisons notre bon sens, les techniques lean et la technologie pour am\u00e9liorer les \u00e9tapes et la qualit\u00e9 de l\u2019exp\u00e9rience des Clients et des Employ\u00e9s.<\/p><\/div> <\/div><\/div> <div  class=\"col-sm-6 col-md-6 \"><div  class=\"row space-bottom\"> <div  class=\"col-sm-fit icon-column\"><i  class=\"fa icon color2 fa-chain bordered round\"><\/i><\/div> <div  class=\"col-sm\" data-type=\"column\"><h5  class=\"color2\">EXTERNALISATION DE SERVICES<\/h5> <p  class=\"\">Le contact direct avec les utilisateurs et les consommateurs est crucial. Nous nous chargeons de g\u00e9rer int\u00e9gralement les services d\u2019attention aux utilisateurs, l\u2019attention client et les services de micro informatique avec une priorit\u00e9 sur l\u2019am\u00e9lioration continue des services et le respect des standards de qualit\u00e9.<\/p><\/div> <\/div><\/div> <\/div><\/div> <\/div><div  data-label=\"Solutions\" data-id=\"features--3\" data-export-id=\"features-16\" data-category=\"features\" class=\"features-16 content-section content-section-spacing\" id=\"solutions\" style=\"background-color: rgb(255, 255, 255);\"><div  class=\"\"> <div  class=\"row text-center\"><div  class=\"section-title-col\" data-type=\"column\"> <h2  class=\"\">Nos solutions utilisent la Technologie pour am\u00e9liorer l\u2019Exp\u00e9rience Client et l\u2019Efficacit\u00e9 des Processus M\u00e9tier<\/h2> <p  class=\"lead\">C\u2019est notre d\u00e9finition de la Transformation Digitale : convertir des processus manuels et inefficaces en processus optimis\u00e9s gr\u00e2ce \u00e0 la Technologie.<\/p><\/div> <\/div> <div  class=\"row spaced-cols\" data-type=\"row\"> <div  class=\"col-xs-12 col-sm-6 space-bottom col-md-4 \"> <img  class=\"face\" src=\"https:\/\/www.emelior.fr\/wp-content\/uploads\/2021\/01\/cropped-Omnicanal-1GOOD-1.jpg\" title=\"cropped-Omnicanal-1GOOD-1.jpg\" alt=\"\"> <div  data-type=\"column\" class=\"col-padding-small col-padding-small-xs description-container\"> <h4  class=\"font-500\">Omnicanalit\u00e9<\/h4> <p  class=\"\">\nNous construisons les solutions technologiques qui permettent de se connecter avec les Clients \u00e0 chaque instant et d\u2019offrir des services \u00e0 haute valeur ajout\u00e9e : stock int\u00e9gr\u00e9, catalogue de produits coh\u00e9rent, CRM, smart delivery, chatbot\u2026<\/p> <\/div> <\/div> <div  class=\"col-xs-12 col-sm-6 space-bottom col-md-4 \"> <img  class=\"face\" src=\"https:\/\/www.emelior.fr\/wp-content\/uploads\/2021\/01\/cropped-Digital-worldGOOD.jpg\" title=\"cropped-Digital-worldGOOD.jpg\" alt=\"\"> <div  data-type=\"column\" class=\"col-padding-small col-padding-small-xs description-container\"> <h4  class=\"font-500\">eCommerce<\/h4> <p  class=\"\">Car le eCommerce est bien plus qu\u2019une boutique en ligne, nous nous chargeons de mettre en place la plateforme technologique et logistique ainsi que la campagne de marketing digital qui permettra \u00e0 votre marque de g\u00e9n\u00e9rer trafic et convertion.<\/p> <\/div> <\/div> <div  class=\"col-xs-12 col-sm-6 space-bottom col-md-4 \"> <img  class=\"face\" src=\"https:\/\/www.emelior.fr\/wp-content\/uploads\/2021\/01\/cropped-reingenieria-de-procesos-de-negocioGOOD.jpg\" title=\"cropped-reingenieria-de-procesos-de-negocioGOOD.jpg\" alt=\"\"> <div  data-type=\"column\" class=\"col-padding-small col-padding-small-xs description-container\"> <h4  class=\"font-500\">Processus M\u00e9tier<\/h4> <p  class=\"\">\nSelon la culture de votre Entreprise, les besoins de vos Employ\u00e9s et le niveau de maturit\u00e9 de votre syst\u00e8me d\u2019information, nous modernisons vos processus m\u00e9tier gr\u00e2ce \u00e0 la mise en place de solutions ERP et d\u2019applications int\u00e9gr\u00e9es sur mesure.<\/p> <\/div> <\/div><div  class=\"col-xs-12 col-sm-6 space-bottom col-md-4\"> <img  class=\"face\" src=\"https:\/\/www.emelior.fr\/wp-content\/uploads\/2021\/01\/cropped-Big-data-ruta-critica-para-desarrollar-nuevas-oportunidades-de-negocio2.jpg\" title=\"cropped-Big-data-ruta-critica-para-desarrollar-nuevas-oportunidades-de-negocio2.jpg\" alt=\"\"> <div  data-type=\"column\" class=\"col-padding-small col-padding-small-xs description-container\"> <h4  class=\"font-500\">Data<\/h4> <p  class=\"\">\n\nNous impl\u00e9mentons les syst\u00e8mes n\u00e9cessaires pour g\u00e9rer de grands volumes et diversit\u00e9 de donn\u00e9es en assurant leur int\u00e9grit\u00e9, disponibilit\u00e9, v\u00e9racit\u00e9 et rapidit\u00e9 d\u2019utilisation.&nbsp;Depuis l\u2019organisation du Gouvernement des Donn\u00e9es jusqu\u2019\u00e0 la construction technique des mod\u00e8les informationnels.<\/p> <\/div> <\/div><div  class=\"col-xs-12 col-sm-6 space-bottom col-md-4\"> <img  class=\"face\" src=\"https:\/\/www.emelior.fr\/wp-content\/uploads\/2021\/01\/cropped-Business-IntelligenceGOOD.jpg\" title=\"cropped-Business-IntelligenceGOOD.jpg\" alt=\"\"> <div  data-type=\"column\" class=\"col-padding-small col-padding-small-xs description-container\"> <h4  class=\"font-500\">Reporting<\/h4> <p  class=\"\">\nChaque profil d\u2019utilisateur a des besoins d\u2019information sp\u00e9cifiques. Nous \u00e9tudions le processus fonctionnel qui couvre la prise de d\u00e9cision et nous \u00e9laborons les reportings les plus optimis\u00e9s. Depuis le reporting corporatif, les tableaux de bord pour chaque \u00e9quipe fonctionnelle, les reportings adhoc jusqu\u2019aux environnements exploratifs et pr\u00e9dictifs.<\/p> <\/div> <\/div><div  class=\"col-xs-12 col-sm-6 space-bottom col-md-4\"> <img  class=\"face\" src=\"https:\/\/www.emelior.fr\/wp-content\/uploads\/2021\/01\/cropped-pexels-fauxels-3184291GOOD.jpg\" title=\"cropped-pexels-fauxels-3184291GOOD.jpg\" alt=\"\"> <div  data-type=\"column\" class=\"col-padding-small col-padding-small-xs description-container\"> <h4  class=\"font-500\">Formation<\/h4> <p  class=\"\">\n\nNos Experts ont acquis une solide exp\u00e9rience dans les m\u00e9thodologies et outils les plus reconnus : Lean Management, Lean IT, Lean Start-up, Design Thinking, Scrum, Safe, Kanban, Devops, PMP, Prince2, ITIL\u2026Nous impulsons de nouvelles formes de travail dans vos Equipes \u00e0 l\u2019aide d\u2019actions de formation.<\/p> <\/div> <\/div><\/div> <\/div><\/div><div  data-label=\"Clients\" data-id=\"clients--1\" data-export-id=\"clients-4\" data-category=\"clients\" class=\"clients-4 content-section content-section-spacing-small\" id=\"clients\" style=\"background-color: rgb(255, 255, 255); background-image: none;\"><div  class=\"\"> <div  class=\"row\"><div  data-type=\"column\" class=\"section-title-col\"> <h2  class=\"font-700\">Nos Experts ont collabor\u00e9 avec\u2026<\/h2> <\/div> <\/div> <div  data-type=\"row\" class=\"row spaced-cols middle-xs center-xs space-bottom padding-lr\"> <div  class=\"col-xs-6 col-sm-2 col-md-3\"> <img  src=\"https:\/\/www.emelior.fr\/wp-content\/uploads\/2021\/01\/cropped-Captura-11.jpg\" class=\"\" title=\"cropped-Captura-11.jpg\" alt=\"\"><\/div> <div  class=\"col-xs-6 col-sm-2 col-md-3\"> <img  src=\"https:\/\/www.emelior.fr\/wp-content\/uploads\/2021\/01\/cropped-1280px-PullBear_logo.svg_.png\" class=\"\" title=\"cropped-1280px-PullBear_logo.svg_.png\" alt=\"\"><\/div> <div  class=\"col-xs-6 col-sm-2 col-md-3\"><img  class=\"custom-image\" src=\"https:\/\/www.emelior.fr\/wp-content\/uploads\/2021\/01\/cropped-Captura-1.jpg\" title=\"cropped-Captura-1.jpg\" alt=\"\"> <\/div> <div  class=\"col-xs-6 col-sm-2 col-md-3\"> <img  src=\"https:\/\/www.emelior.fr\/wp-content\/uploads\/2021\/01\/cropped-Captura-5.jpg\" class=\"\" title=\"cropped-Captura-5.jpg\" alt=\"\"><\/div> <div  class=\"col-xs-6 col-sm-2 col-md-3\"> <img  src=\"https:\/\/www.emelior.fr\/wp-content\/uploads\/2021\/01\/cropped-Captura-6.jpg\" class=\"\" title=\"cropped-Captura-6.jpg\" alt=\"\"><\/div> <div  class=\"col-xs-6 col-sm-2 col-md-3\"> <img  src=\"https:\/\/www.emelior.fr\/wp-content\/uploads\/2021\/01\/cropped-Captura-7.jpg\" class=\"\" title=\"cropped-Captura-7.jpg\" alt=\"\"><\/div> <div  class=\"col-xs-6 col-sm-2 col-md-3\"> <img  src=\"https:\/\/www.emelior.fr\/wp-content\/uploads\/2021\/01\/cropped-Captura-8.jpg\" class=\"\" title=\"cropped-Captura-8.jpg\" alt=\"\"><\/div><div  class=\"col-xs-6 col-sm-2 col-md-3\"> <img  src=\"https:\/\/www.emelior.fr\/wp-content\/uploads\/2021\/01\/cropped-Captura-9.jpg\" class=\"\" title=\"cropped-Captura-9.jpg\" alt=\"\"><\/div><div  class=\"col-xs-6 col-sm-2 col-md-3\"> <img  src=\"https:\/\/www.emelior.fr\/wp-content\/uploads\/2021\/01\/cropped-Lefties-logo.png\" class=\"\" title=\"cropped-Lefties-logo.png\" alt=\"\"><\/div><div  class=\"col-xs-6 col-sm-2 col-md-3\"> <img  src=\"https:\/\/www.emelior.fr\/wp-content\/uploads\/2021\/01\/cropped-descarga.png\" class=\"\" title=\"cropped-descarga.png\" alt=\"\"><\/div><div  class=\"col-xs-6 col-sm-2 col-md-3\"> <img  src=\"https:\/\/www.emelior.fr\/wp-content\/uploads\/2021\/01\/cropped-Smurfit_Kappa_Group_Logo.svg_.png\" class=\"\" title=\"cropped-Smurfit_Kappa_Group_Logo.svg_.png\" alt=\"\"><\/div><div  class=\"col-xs-6 col-sm-2 col-md-3\"> <img  src=\"https:\/\/www.emelior.fr\/wp-content\/uploads\/2021\/01\/cropped-smart.png\" class=\"\" title=\"cropped-smart.png\" alt=\"\"><\/div><div  class=\"col-xs-6 col-sm-2 col-md-3\"> <img  src=\"https:\/\/www.emelior.fr\/wp-content\/uploads\/2021\/01\/cropped-5a270dd36c723e0970203ead.png\" class=\"\" title=\"cropped-5a270dd36c723e0970203ead.png\" alt=\"\"><\/div><div  class=\"col-xs-6 col-sm-2 col-md-3\"> <img  src=\"https:\/\/www.emelior.fr\/wp-content\/uploads\/2021\/01\/cropped-1573741072931.png\" class=\"\" title=\"cropped-1573741072931.png\" alt=\"\"><\/div><div  class=\"col-xs-6 col-sm-2 col-md-3\"> <img  src=\"https:\/\/www.emelior.fr\/wp-content\/uploads\/2021\/01\/cropped-logo_verdifresh_opt.png\" class=\"\" title=\"cropped-logo_verdifresh_opt.png\" alt=\"\"><\/div><\/div><\/div> <\/div><div  id=\"employes\" style=\"background-color: #ffffff;\" data-label=\"Employes\" data-id=\"content-3\" data-export-id=\"content-3\" data-category=\"content\" class=\"content-3 content-section content-section-spacing\"><div > <div  class=\"row middle-xs\"><div  class=\"col-sm-7 full-col-left-padding full-col-right-padding\"> <div  class=\"row\"><div  data-type=\"column\" class=\"space-bottom-small content-title-col\"> <h5  class=\"\">Employ\u00e9s Motiv\u00e9s, Clients Satisfaits<\/h5> <h2  class=\"\">Bien plus qu\u2019un emploi<\/h2> <p  class=\"\">Nos Experts sont notre fiert\u00e9<\/p><\/div> <\/div> <div  class=\"row spaced-cols\" data-type=\"row\"> <div  class=\"col-xs-6\" data-type=\"column\"> <h5  class=\"\">PARTICIPATION<\/h5> <p  class=\"\">Nous proposons \u00e0 nos Employ\u00e9s un plan de participation en actions en fonction de la valeur cr\u00e9\u00e9e et de la permanence.<\/p><\/div> <div  class=\"col-xs-6\" data-type=\"column\"><h5  class=\"\">REMUNERATION<\/h5> <p  class=\"\">Tous nos Employ\u00e9s b\u00e9n\u00e9ficient d\u2019un salaire sup\u00e9rieur \u00e0 la moyenne du march\u00e9, d\u2019un variable et d\u2019avantages sociaux.<\/p><\/div> <div  class=\"col-xs-6\" data-type=\"column\"><h5  class=\"\">FORMATION<\/h5> <p  class=\"\">En fonction de leurs besoin, chaque ann\u00e9e nous proposons une formation \u00e0 nos Experts afin de contribuer \u00e0 leur d\u00e9veloppement personnel.<\/p><\/div> <div  class=\"col-xs-6\" data-type=\"column\"><h5  class=\"\">EQUILIBRE PERSONNEL<\/h5> <p  class=\"\">Nous offrons des conditions de travail fl\u00e9xibles pour permettre \u00e0 nos Employ\u00e9s d\u2019avoir un bon \u00e9quilibre entre leur vie personnelle et leur vie professionnelle.<\/p><\/div> <\/div><\/div> <div  class=\"col-sm-5 bg-image shadow-large-black revert-classes-holder\" data-bg=\"image\" style=\"background-image: url(&quot;https:\/\/www.emelior.fr\/wp-content\/uploads\/2021\/01\/cropped-cropped-shutterstock_342221804-1280x640-1-1-1.jpg&quot;);\"><\/div><\/div> <\/div><\/div>","protected":false},"excerpt":{"rendered":"<p>LES MEILLEURS EXPERTS Nous mettons \u00e0 votre disposition une Equipe d\u2019Experts en Technologie dot\u00e9s des comp\u00e9tences et de la motivation n\u00e9cessaires pour affronter n\u2019importe quel d\u00e9fi. AGILIT\u00c9 &amp; AD\u00c9QUATION Nous r\u00e9pondons \u00e0 vos demandes avec R\u00e9activit\u00e9 et Pr\u00e9cision. Nous nous engageons \u00e0 vous donner une r\u00e9ponse dans la journ\u00e9e. VALEURS HUMAINES Tarifs transparents, marges ajust\u00e9es,&hellip; <br \/> <a class=\"read-more\" href=\"https:\/\/www.emelior.fr\/\">Lire la suite<\/a><\/p>\n","protected":false},"author":1,"featured_media":0,"parent":0,"menu_order":0,"comment_status":"closed","ping_status":"closed","template":"page-templates\/homepage.php","meta":[],"_links":{"self":[{"href":"https:\/\/www.emelior.fr\/index.php?rest_route=\/wp\/v2\/pages\/4"}],"collection":[{"href":"https:\/\/www.emelior.fr\/index.php?rest_route=\/wp\/v2\/pages"}],"about":[{"href":"https:\/\/www.emelior.fr\/index.php?rest_route=\/wp\/v2\/types\/page"}],"author":[{"embeddable":true,"href":"https:\/\/www.emelior.fr\/index.php?rest_route=\/wp\/v2\/users\/1"}],"replies":[{"embeddable":true,"href":"https:\/\/www.emelior.fr\/index.php?rest_route=%2Fwp%2Fv2%2Fcomments&post=4"}],"version-history":[{"count":24,"href":"https:\/\/www.emelior.fr\/index.php?rest_route=\/wp\/v2\/pages\/4\/revisions"}],"predecessor-version":[{"id":156,"href":"https:\/\/www.emelior.fr\/index.php?rest_route=\/wp\/v2\/pages\/4\/revisions\/156"}],"wp:attachment":[{"href":"https:\/\/www.emelior.fr\/index.php?rest_route=%2Fwp%2Fv2%2Fmedia&parent=4"}],"curies":[{"name":"wp","href":"https:\/\/api.w.org\/{rel}","templated":true}]}}